{"version":"1.0","provider_name":"QUEBAKAN.COM 2026: Noticias, Eventos, Conciertos y mucho m\u00e1s....","provider_url":"https:\/\/www.quebakan.com\/v15","title":"PATRICIA GONZ\u00c1LEZ: \"MANZANERO EN MI CORAZ\u00d3N\" &#8211; QUEBAKAN.COM 2026: Noticias, Eventos, Conciertos y mucho m\u00e1s....","type":"rich","width":600,"height":338,"html":"<blockquote class=\"wp-embedded-content\" data-secret=\"3k1PjaFH6P\"><a href=\"https:\/\/www.quebakan.com\/v15\/patricia-gonzalez-manzanero-en-mi-corazon\/\">PATRICIA GONZ\u00c1LEZ: \u00abMANZANERO EN MI CORAZ\u00d3N\u00bb<\/a><\/blockquote><iframe sandbox=\"allow-scripts\" security=\"restricted\" src=\"https:\/\/www.quebakan.com\/v15\/patricia-gonzalez-manzanero-en-mi-corazon\/embed\/#?secret=3k1PjaFH6P\" width=\"600\" height=\"338\" title=\"\u00abPATRICIA GONZ\u00c1LEZ: \u00abMANZANERO EN MI CORAZ\u00d3N\u00bb\u00bb \u2014 QUEBAKAN.COM 2026: Noticias, Eventos, Conciertos y mucho m\u00e1s....\" data-secret=\"3k1PjaFH6P\" frameborder=\"0\" marginwidth=\"0\" marginheight=\"0\" scrolling=\"no\" class=\"wp-embedded-content\"><\/iframe><script type=\"text\/javascript\">\n\/* <![CDATA[ *\/\n\/*! This file is auto-generated *\/\n!function(d,l){\"use strict\";l.querySelector&&d.addEventListener&&\"undefined\"!=typeof URL&&(d.wp=d.wp||{},d.wp.receiveEmbedMessage||(d.wp.receiveEmbedMessage=function(e){var t=e.data;if((t||t.secret||t.message||t.value)&&!\/[^a-zA-Z0-9]\/.test(t.secret)){for(var s,r,n,a=l.querySelectorAll('iframe[data-secret=\"'+t.secret+'\"]'),o=l.querySelectorAll('blockquote[data-secret=\"'+t.secret+'\"]'),c=new RegExp(\"^https?:$\",\"i\"),i=0;i<o.length;i++)o[i].style.display=\"none\";for(i=0;i<a.length;i++)s=a[i],e.source===s.contentWindow&&(s.removeAttribute(\"style\"),\"height\"===t.message?(1e3<(r=parseInt(t.value,10))?r=1e3:~~r<200&&(r=200),s.height=r):\"link\"===t.message&&(r=new URL(s.getAttribute(\"src\")),n=new URL(t.value),c.test(n.protocol))&&n.host===r.host&&l.activeElement===s&&(d.top.location.href=t.value))}},d.addEventListener(\"message\",d.wp.receiveEmbedMessage,!1),l.addEventListener(\"DOMContentLoaded\",function(){for(var e,t,s=l.querySelectorAll(\"iframe.wp-embedded-content\"),r=0;r<s.length;r++)(t=(e=s[r]).getAttribute(\"data-secret\"))||(t=Math.random().toString(36).substring(2,12),e.src+=\"#?secret=\"+t,e.setAttribute(\"data-secret\",t)),e.contentWindow.postMessage({message:\"ready\",secret:t},\"*\")},!1)))}(window,document);\n\/\/# sourceURL=https:\/\/www.quebakan.com\/v15\/wp-includes\/js\/wp-embed.min.js\n\/* ]]> *\/\n<\/script>\n","thumbnail_url":"https:\/\/www.quebakan.com\/v15\/wp-content\/uploads\/2024\/03\/flyerpatricia.jpg","thumbnail_width":700,"thumbnail_height":700,"description":"Guayaquil, 28 de febrero de 2024 \u2013 Patricia Gonz\u00e1lez, nuestra primera dama de la canci\u00f3n ecuatoriana, iluminar\u00e1 el escenario en el evento \u00abManzanero En Mi Coraz\u00f3n\u00bb. La emotiva velada tendr\u00e1 lugar el jueves, 14 de marzo de 2024, a las 19:30 horas, en el Teatro S\u00e1nchez Aguilar. En este inolvidable tributo a su querido amigo [&hellip;]"}